{"id":307,"date":"2026-02-14T12:03:55","date_gmt":"2026-02-14T10:03:55","guid":{"rendered":"https:\/\/apebg.eu\/?page_id=307"},"modified":"2026-02-14T12:03:55","modified_gmt":"2026-02-14T10:03:55","slug":"%d0%bd%d0%b0%d1%87%d0%b0%d0%bb%d0%be-2","status":"publish","type":"page","link":"https:\/\/apebg.eu\/?lang=tr","title":{"rendered":"BA\u015eLANGI\u00c7"},"content":{"rendered":"\n<p><strong>BA\u015eLANGI\u00c7<\/strong><\/p>\n\n\n\n<p>Projemiz s\u0131n\u0131r \u00f6tesi i\u015fbirli\u011finin b\u00f6lgesel geli\u015fimi, gelece\u011fi ve korunmas\u0131 i\u00e7in anahtar \u00f6neme sahiotir. K\u00fclt\u00fcrel b\u00f6lgenin ve geleneksel folklor danslar\u0131n canland\u0131r\u0131lmas\u0131 i\u00e7in hedef grup aras\u0131nda i\u015fbirli\u011fi kuruldu.&nbsp; B\u00f6lgesel kaynaklar\u0131n verimli kullan\u0131m\u0131, somut ve somut olmayan k\u00fclt\u00fcrel miras\u0131n \u00e7e\u015fitli nesneleri i\u00e7in katma de\u011ferin elde edilmesi yoluyla s\u00fcrd\u00fcr\u00fclebilir i\u015fbirli\u011fi i\u00e7in ortak sorunlara ortak \u00e7\u00f6z\u00fcmler ve \u00f6ncelikli m\u00fcdahale alanlar\u0131 aray\u0131\u015f\u0131, destekleyici bir miras ortam\u0131n\u0131n geli\u015ftirilmesi i\u00e7in \u00f6n ko\u015fullard\u0131r. Aktif s\u0131n\u0131r \u00f6tesi diyalog projenin ba\u015far\u0131l\u0131 bir \u015fekilde uygulanmas\u0131, k\u00fclt\u00fcrel miras\u0131n korunmas\u0131n\u0131n \u00f6nemine vurgu yap\u0131larak, tarihi ve do\u011fal simge yap\u0131lara eri\u015fimin iyile\u015ftirilmesine katk\u0131da bulunmu\u015ftur.<\/p>\n\n\n\n<p>Halk\u0131 ve gen\u00e7 nesli, k\u00fclt\u00fcrel gelenekleri, tarihi ve etnik \u00e7e\u015fitlili\u011fi korumas\u0131 i\u00e7in te\u015fvik edildi. 40 adet folklor kost\u00fcm\u00fc sat\u0131n al\u0131nd\u0131. Folklor gruplar\u0131na bu konuda yard\u0131mc\u0131 olundu. Geleneksel m\u00fczik aletleri sat\u0131n al\u0131nd\u0131. \u00c7e\u015fitli \u015fehirlerde folklor topluluklar\u0131 ile konserler ve Folklor- Ge\u00e7mi\u015f ve Bug\u00fcn konulu seminerler d\u00fczenlendi. Hedef kitle ile gezi turu d\u00fczenlendi. \u0130ki b\u00f6lgenin turizm altyap\u0131s\u0131n\u0131 geli\u015ftirmek i\u00e7in katk\u0131da bulunuldu. Projenin ba\u015far\u0131l\u0131 bir \u015fekilde tamamlanmas\u0131, tarihi ve do\u011fal simge yap\u0131lara eri\u015fimin iyile\u015ftirilmesine ve ayr\u0131ca k\u00fclt\u00fcrel miras\u0131n korunmas\u0131n\u0131n \u00f6nemini vurgulayarak s\u0131n\u0131r \u00f6tesi b\u00f6lgenin turistik \u00e7ekicili\u011finin artmas\u0131na katk\u0131da bulunulmu\u015ftur. Bulgaristan ve T\u00fcrkiye\u2019nin geleneksel ulusal k\u00fclt\u00fcrlerinin kimli\u011fini ve benzersizli\u011fini korumak, hedef grubun yarat\u0131c\u0131 potansiyelini artt\u0131rmak, belirli bir etnik devlete ait olmaktan gurur duyma duygusu, t\u00fcm kat\u0131l\u0131mc\u0131lar aras\u0131nda kal\u0131c\u0131 dostluklar, nesiller aras\u0131nda tam ileti\u015fim i\u00e7in f\u0131rsatlar yarat\u0131lmas\u0131, anlay\u0131\u015f ve diyalo\u011fun geli\u015ftirilmesi sa\u011flanm\u0131\u015ft\u0131r<\/p>\n\n\n\n<figure class=\"wp-block-image size-full\"><img loading=\"lazy\" decoding=\"async\" width=\"605\" height=\"572\" src=\"https:\/\/apebg.eu\/wp-content\/uploads\/2026\/02\/izobrazhenie.png\" alt=\"\" class=\"wp-image-90\" srcset=\"https:\/\/apebg.eu\/wp-content\/uploads\/2026\/02\/izobrazhenie.png 605w, https:\/\/apebg.eu\/wp-content\/uploads\/2026\/02\/izobrazhenie-300x284.png 300w, https:\/\/apebg.eu\/wp-content\/uploads\/2026\/02\/izobrazhenie-317x300.png 317w\" sizes=\"auto, (max-width: 605px) 100vw, 605px\" \/><\/figure>\n\n\n\n<figure class=\"wp-block-image size-full\"><img decoding=\"async\" src=\"https:\/\/apebg.eu\/wp-content\/uploads\/2026\/02\/program_logo-e1606848586197.png\" alt=\"\" class=\"wp-image-91\"\/><\/figure>\n\n\n\n<p><\/p>\n","protected":false},"excerpt":{"rendered":"<p>BA\u015eLANGI\u00c7 Projemiz s\u0131n\u0131r \u00f6tesi i\u015fbirli\u011finin b\u00f6lgesel geli\u015fimi, gelece\u011fi ve korunmas\u0131 i\u00e7in anahtar \u00f6neme sahiotir. K\u00fclt\u00fcrel b\u00f6lgenin ve geleneksel folklor danslar\u0131n canland\u0131r\u0131lmas\u0131 i\u00e7in hedef grup aras\u0131nda i\u015fbirli\u011fi kuruldu.&nbsp; B\u00f6lgesel kaynaklar\u0131n verimli kullan\u0131m\u0131, somut ve somut olmayan k\u00fclt\u00fcrel miras\u0131n \u00e7e\u015fitli nesneleri i\u00e7in &hellip; <a href=\"https:\/\/apebg.eu\/?lang=tr\">\u0418\u043c\u0430 \u043e\u0449\u0435 <span class=\"meta-nav\">&rarr;<\/span><\/a><\/p>\n","protected":false},"author":3,"featured_media":0,"parent":0,"menu_order":0,"comment_status":"closed","ping_status":"closed","template":"","meta":{"_locale":"tr_TR","_original_post":"https:\/\/apebg.eu\/?page_id=60","footnotes":""},"class_list":["post-307","page","type-page","status-publish","hentry","tr-TR"],"_links":{"self":[{"href":"https:\/\/apebg.eu\/index.php?rest_route=\/wp\/v2\/pages\/307","targetHints":{"allow":["GET"]}}],"collection":[{"href":"https:\/\/apebg.eu\/index.php?rest_route=\/wp\/v2\/pages"}],"about":[{"href":"https:\/\/apebg.eu\/index.php?rest_route=\/wp\/v2\/types\/page"}],"author":[{"embeddable":true,"href":"https:\/\/apebg.eu\/index.php?rest_route=\/wp\/v2\/users\/3"}],"replies":[{"embeddable":true,"href":"https:\/\/apebg.eu\/index.php?rest_route=%2Fwp%2Fv2%2Fcomments&post=307"}],"version-history":[{"count":1,"href":"https:\/\/apebg.eu\/index.php?rest_route=\/wp\/v2\/pages\/307\/revisions"}],"predecessor-version":[{"id":312,"href":"https:\/\/apebg.eu\/index.php?rest_route=\/wp\/v2\/pages\/307\/revisions\/312"}],"wp:attachment":[{"href":"https:\/\/apebg.eu\/index.php?rest_route=%2Fwp%2Fv2%2Fmedia&parent=307"}],"curies":[{"name":"wp","href":"https:\/\/api.w.org\/{rel}","templated":true}]}}